{"id":10692,"date":"2023-06-10T18:07:35","date_gmt":"2023-06-10T16:07:35","guid":{"rendered":"https:\/\/taxi-schwechat.eu\/?page_id=10692"},"modified":"2023-06-11T01:28:36","modified_gmt":"2023-06-10T23:28:36","slug":"ochrana-osobnych-udajov","status":"publish","type":"page","link":"https:\/\/taxi-schwechat.eu\/en\/ochrana-osobnych-udajov\/","title":{"rendered":"Privacy"},"content":{"rendered":"<div data-elementor-type=\"wp-page\" data-elementor-id=\"10692\" class=\"elementor elementor-10692\" data-elementor-post-type=\"page\">\n\t\t\t\t\t\t<section class=\"elementor-section elementor-top-section elementor-element elementor-element-53ee9b2 elementor-section-boxed elementor-section-height-default elementor-section-height-default\" data-id=\"53ee9b2\" data-element_type=\"section\">\n\t\t\t\t\t\t<div class=\"elementor-container elementor-column-gap-default\">\n\t\t\t\t\t<div class=\"elementor-column elementor-col-100 elementor-top-column elementor-element elementor-element-f72648a\" data-id=\"f72648a\" data-element_type=\"column\">\n\t\t\t<div class=\"elementor-widget-wrap elementor-element-populated\">\n\t\t\t\t\t\t<div class=\"elementor-element elementor-element-7195425 elementor-widget elementor-widget-heading\" data-id=\"7195425\" data-element_type=\"widget\" data-widget_type=\"heading.default\">\n\t\t\t\t<div class=\"elementor-widget-container\">\n\t\t\t\t\t<h2 class=\"elementor-heading-title elementor-size-default\">Ochrana osobn\u00fdch \u00fadajov (GDPR)<\/h2>\t\t\t\t<\/div>\n\t\t\t\t<\/div>\n\t\t\t\t<div class=\"elementor-element elementor-element-fa1ad33 elementor-widget elementor-widget-heading\" data-id=\"fa1ad33\" data-element_type=\"widget\" data-widget_type=\"heading.default\">\n\t\t\t\t<div class=\"elementor-widget-container\">\n\t\t\t\t\t<h3 class=\"elementor-heading-title elementor-size-default\">Ka\u017ed\u00e1 osoba konaj\u00faca na z\u00e1klade poverenia prev\u00e1dzkovate\u013ea, alebo sprostredkovate\u013ea, ktor\u00e1 m\u00e1 pr\u00edstup k osobn\u00fdm \u00fadajom, sprac\u00fava tieto \u00fadaje len na z\u00e1klade pokynov prev\u00e1dzkovate\u013ea okrem pr\u00edpadov, ke\u010f sa to od nej vy\u017eaduje pod\u013ea osobitn\u00e9ho predpisu, alebo medzin\u00e1rodnej zmluvy.<\/h3>\t\t\t\t<\/div>\n\t\t\t\t<\/div>\n\t\t\t\t<div class=\"elementor-element elementor-element-b28256f elementor-widget elementor-widget-text-editor\" data-id=\"b28256f\" data-element_type=\"widget\" data-widget_type=\"text-editor.default\">\n\t\t\t\t<div class=\"elementor-widget-container\">\n\t\t\t\t\t\t\t\t\t<p><strong>I.\u00a0<\/strong><strong>Z\u00e1kladn\u00e9 ustanovenie<\/strong><\/p><ol><li>Prev\u00e1dzkovate\u013eom osobn\u00fdch \u00fadajov pod\u013ea \u00a7 5 p\u00edsm. o) z\u00e1kona \u010d. 18\/2018 Z.z. o ochrane osobn\u00fdch \u00fadajov v znen\u00ed neskor\u0161\u00edch predpisov (\u010falej len \u201eZ\u00e1kon\u201c) je spolo\u010dnos\u0165 Chauffeur Service s.r.o.\u00a0 I\u010cO: 55 386 130 so s\u00eddlom: \u010cerny\u0161evsk\u00e9ho 10 Bratislava \u2013 mestsk\u00e1 \u010das\u0165 Petr\u017ealka 851 01 (\u010falej len: \u201eprev\u00e1dzkovate\u013e\u201c).<\/li><li>Kontaktn\u00e9 \u00fadaje prev\u00e1dzkovate\u013ea s\u00fa<ul><li>adresa: \u010cerny\u0161evsk\u00e9ho 10 Bratislava \u2013 mestsk\u00e1 \u010das\u0165 Petr\u017ealka 851 01<\/li><li>email: info@chauffeurservice.sk<\/li><li>telef\u00f3n: +421 911 16 26 36<\/li><\/ul><\/li><li>Osobn\u00fdmi \u00fadajmi sa rozumej\u00fa v\u0161etky inform\u00e1cie o identifikovanej alebo identifikovate\u013enej fyzickej osobe; identifikovate\u013enou fyzickou osobou je fyzick\u00e1 osoba, ktor\u00fa mo\u017eno priamo \u010di nepriamo identifikova\u0165, najm\u00e4 odkazom na ur\u010dit\u00fd identifik\u00e1tor, napr\u00edklad meno, identifika\u010dn\u00e9 \u010d\u00edslo, lokaliza\u010dn\u00e9 \u00fadaje, sie\u0165ov\u00fd identifik\u00e1tor alebo odkazom na jeden \u010di viac zvl\u00e1\u0161tnych prvkov fyzickej, fyziologickej, genetickej, psychickej, ekonomickej, kult\u00farnej alebo spolo\u010denskej identity tejto fyzickej osoby.<\/li><li>Prev\u00e1dzkovate\u013e vymenoval zodpovedn\u00fa osobu pre ochranu osobn\u00fdch \u00fadajov. Kontaktn\u00fdmi \u00fadajmi zodpovednej osoby s\u00fa:<ul><li>Miroslav Sidor email: miroslav.sidor@chauffeurservice.sk<\/li><\/ul><\/li><\/ol><p>\u00a0<\/p><p><strong>II.\u00a0<\/strong><strong>Zdroje a kateg\u00f3rie spracov\u00e1van\u00fdch osobn\u00fdch \u00fadajov<\/strong><\/p><ol><li>Prev\u00e1dzkovate\u013e spracov\u00e1va osobn\u00e9 \u00fadaje, ktor\u00e9 ste mu poskytli, alebo osobn\u00e9 \u00fadaje, ktor\u00e9 prev\u00e1dzkovate\u013e z\u00edskal na z\u00e1klade plnenia Va\u0161ej objedn\u00e1vky.<\/li><li>Prev\u00e1dzkovate\u013e spracov\u00e1va Va\u0161e identifika\u010dn\u00e9 a kontaktn\u00e9 \u00fadaje a \u00fadaje nutn\u00e9 pre plnenie zmluvy.<\/li><\/ol><p>\u00a0<\/p><p><strong>III.\u00a0<\/strong><strong>Z\u00e1konn\u00fd d\u00f4vod a \u00fa\u010del spracovania osobn\u00fdch \u00fadajov<\/strong><\/p><ol><li>Z\u00e1konn\u00fdm d\u00f4vodom spracovania osobn\u00fdch \u00fadajov je<\/li><\/ol><ul><li><ul><li>plnenie zmluvy medzi Vami a prev\u00e1dzkovate\u013eom pod\u013ea \u00a7 13 ods. 1 p\u00edsm. b) Z\u00e1kona,<\/li><li>opr\u00e1vnen\u00fd z\u00e1ujem prev\u00e1dzkovate\u013ea na poskytovan\u00ed priameho marketingu (najm\u00e4 pre zasielanie obchodn\u00fdch oznamov a newsletterov) pod\u013ea \u00a7 13 ods. 1 p\u00edsm. f) Z\u00e1kona,<\/li><li>V\u00e1\u0161 s\u00fahlas so spracovan\u00edm pre \u00fa\u010dely poskytovania priameho marketingu (najm\u00e4 pre zasielanie obchodn\u00fdch oznamov a newsletterov) pod\u013ea \u00a7 13 ods. 1 p\u00edsm. a) Z\u00e1kona v pr\u00edpade, \u017ee nedo\u0161lo k objedn\u00e1vke tovaru alebo slu\u017eby.<\/li><\/ul><\/li><\/ul><ol start=\"2\"><li>\u00da\u010delom spracovania osobn\u00fdch \u00fadajov je<\/li><\/ol><ul><li><ul><li>vybavenie Va\u0161ej objedn\u00e1vky a v\u00fdkon pr\u00e1v a povinnost\u00ed vypl\u00fdvaj\u00facich zo zmluvn\u00e9ho vz\u0165ahu medzi Vami a prev\u00e1dzkovate\u013eom; pri objedn\u00e1vke s\u00fa vy\u017eadovan\u00e9 osobn\u00e9 \u00fadaje, ktor\u00e9 s\u00fa nutn\u00e9 pre \u00faspe\u0161n\u00e9 vybavenie objedn\u00e1vky (meno a adresa, kontakt), poskytnutie osobn\u00fdch \u00fadajov je nutnou po\u017eiadavkou pre uzavretie a plnenie zmluvy, bez poskytnutia osobn\u00fdch \u00fadajov nie je mo\u017en\u00e9 zmluvu uzavrie\u0165 \u010di ju zo strany prev\u00e1dzkovate\u013ea plni\u0165,<\/li><li>zasielanie obchodn\u00fdch oznamov a v\u00fdkon \u010fal\u0161\u00edch marketingov\u00fdch aktiv\u00edt.<\/li><\/ul><\/li><\/ul><ol start=\"3\"><li>Zo strany prev\u00e1dzkovate\u013ea\u00a0 doch\u00e1dza k automatick\u00e9mu individu\u00e1lnemu rozhodovaniu v zmysle \u00a7 28 Z\u00e1kona. S tak\u00fdm spracovan\u00edm ste poskytli svoj v\u00fdslovn\u00fd s\u00fahlas.<\/li><\/ol><p>\u00a0<\/p><p><strong>IV.\u00a0<\/strong><strong>Doba uchov\u00e1vania osobn\u00fdch \u00fadajov<\/strong><\/p><ol><li>Prev\u00e1dzkovate\u013e uchov\u00e1va osobn\u00e9 \u00fadaje<\/li><\/ol><ul><li><ul><li>po dobu nevyhnutn\u00fa k v\u00fdkonu pr\u00e1v a povinnost\u00ed vypl\u00fdvaj\u00facich zo zmluvn\u00e9ho vz\u0165ahu medzi Vami a prev\u00e1dzkovate\u013eom a uplat\u0148ovanie n\u00e1rokov z t\u00fdchto zmluvn\u00fdch vz\u0165ahov (po dobu 15 rokov od ukon\u010den\u00ed zmluvn\u00e9ho vz\u0165ahu).<\/li><li>po dobu, ne\u017e je odvolan\u00fd s\u00fahlas so spracovan\u00edm osobn\u00fdch \u00fadajov pre \u00fa\u010dely marketingu, najdlh\u0161ie 15 rokov, ak s\u00fa osobn\u00e9 \u00fadaje spracov\u00e1van\u00e9 na z\u00e1klade s\u00fahlasu.<\/li><\/ul><\/li><\/ul><ol start=\"2\"><li>Po uplynut\u00ed doby uchov\u00e1vania osobn\u00fdch \u00fadajov prev\u00e1dzkovate\u013e osobn\u00e9 \u00fadaje vyma\u017ee.<\/li><\/ol><p>\u00a0<\/p><p><strong>V.\u00a0<\/strong><strong>Pr\u00edjemcovia osobn\u00fdch \u00fadajov (subdod\u00e1vatelia prev\u00e1dzkovate\u013ea)<\/strong><\/p><ol><li>Pr\u00edjemcovia osobn\u00fdch \u00fadajov s\u00fa osoby<\/li><\/ol><ul><li><ul><li>Podie\u013eaj\u00face sa na dod\u00e1van\u00ed slu\u017eieb \/ realiz\u00e1cii platieb na z\u00e1klade zmluvy,<\/li><li>zais\u0165uj\u00face slu\u017eby prev\u00e1dzkovania webov\u00e9ho port\u00e1lu<\/li><li>zais\u0165uj\u00face marketingov\u00e9 slu\u017eby.<\/li><\/ul><\/li><\/ul><ol start=\"2\"><li>Prev\u00e1dzkovate\u013e nem\u00e1 v \u00famysle odovzda\u0165 osobn\u00e9 \u00fadaje do tretej krajiny (do krajiny mimo EU) alebo medzin\u00e1rodnej organiz\u00e1cii.\u00a0<\/li><\/ol><p>\u00a0<\/p><p><strong>VI.\u00a0<\/strong><strong>Va\u0161e pr\u00e1va<\/strong><\/p><ol><li>Za podmienok stanoven\u00fdch v Z\u00e1kone m\u00e1te<\/li><\/ol><ul><li><ul><li>pr\u00e1vo na pr\u00edstup ku svoj\u00edm osobn\u00fdm \u00fadajom pod\u013ea \u00a7 21 Z\u00e1kona,<\/li><li>pr\u00e1vo na opravu osobn\u00fdch \u00fadajov pod\u013ea \u00a7 22 Z\u00e1kona, popr\u00edpade obmedzenie spracovania pod\u013ea \u00a7 24 Z\u00e1kona,<\/li><li>pr\u00e1vo na v\u00fdmaz osobn\u00fdch \u00fadajov pod\u013ea \u00a7 23 Z\u00e1kona,<\/li><li>pr\u00e1vo vznies\u0165 n\u00e1mietku proti spracovaniu pod\u013ea \u00a7 27 Z\u00e1kona,<\/li><li>pr\u00e1vo na prenosite\u013enos\u0165 \u00fadajov pod\u013ea \u00a7 26 Z\u00e1kona,<\/li><li>pr\u00e1vo odvola\u0165 s\u00fahlas so spracovan\u00edm p\u00edsomne alebo elektronicky na adresu alebo email prev\u00e1dzkovate\u013ea uveden\u00fd v \u010dl. III t\u00fdchto podmienok.<\/li><\/ul><\/li><\/ul><ol start=\"2\"><li>\u010ealej m\u00e1te pr\u00e1vo poda\u0165 s\u0165a\u017enos\u0165 u \u00daradu pre ochranu osobn\u00fdch \u00fadajov v pr\u00edpade, \u017ee sa domnievate, \u017ee bolo poru\u0161en\u00e9 Va\u0161e pr\u00e1vo na ochranu osobn\u00fdch \u00fadajov.<\/li><\/ol><p>\u00a0<\/p><p><strong>VII.\u00a0<\/strong><strong>Podmienky zabezpe\u010den\u00ed osobn\u00fdch \u00fadajov<\/strong><\/p><ol><li>Prev\u00e1dzkovate\u013e prehlasuje, \u017ee prijal v\u0161etky vhodn\u00e9 technick\u00e9 a organiza\u010dn\u00e9 opatrenia k zabezpe\u010deniu osobn\u00fdch \u00fadajov.<\/li><li>Prev\u00e1dzkovate\u013e prijal technick\u00e9 opatrenia k zabezpe\u010deniu d\u00e1tov\u00fdch \u00falo\u017e\u00edsk a \u00falo\u017e\u00edsk osobn\u00fdch \u00fadajov v listinnej podobe,\u00a0<\/li><li>Prev\u00e1dzkovate\u013e prehlasuje, \u017ee k osobn\u00fdm \u00fadajom maj\u00fa pr\u00edstup len n\u00edm poveren\u00e9 osoby.<\/li><\/ol><p>\u00a0<\/p><p><strong>VIII.\u00a0<\/strong><strong>Z\u00e1vere\u010dn\u00e9 ustanovenia<\/strong><\/p><ol><li>Odoslan\u00edm objedn\u00e1vky z internetov\u00e9ho objedn\u00e1vkov\u00e9ho formul\u00e1ra potvrdzujete, \u017ee ste obozn\u00e1men\u00fd s podmienkami ochrany osobn\u00fdch \u00fadajov a \u017ee ich v celom rozsahu prij\u00edmate.<\/li><li>S t\u00fdmito podmienkami s\u00fahlas\u00edte za\u0161krtnut\u00edm s\u00fahlasu prostredn\u00edctvom internetov\u00e9ho formul\u00e1ra. Za\u0161krtnut\u00edm s\u00fahlasu potvrdzujete, \u017ee ste sa obozn\u00e1mili s podmienkami ochrany osobn\u00fdch \u00fadajov a \u017ee ich v celom rozsahu prij\u00edmate.<\/li><li>Prev\u00e1dzkovate\u013e je opr\u00e1vnen\u00fd tieto podmienky zmeni\u0165. Nov\u00fa verziu podmienok ochrany osobn\u00fdch \u00fadajov zverejn\u00ed na svojich internetov\u00fdch str\u00e1nkach a z\u00e1rove\u0148 V\u00e1m za\u0161le nov\u00fa verziu t\u00fdchto podmienok na Va\u0161u e-mailov\u00fa adresu, ktor\u00fa ste prev\u00e1dzkovate\u013eovi poskytli.<\/li><\/ol><p>Tieto podmienky nadob\u00fadaj\u00fa \u00fa\u010dinnos\u0165 d\u0148a 1.6.2023<\/p><p><strong>Chauffer Service s.r.o.<\/strong><\/p>\t\t\t\t\t\t\t\t<\/div>\n\t\t\t\t<\/div>\n\t\t\t\t\t<\/div>\n\t\t<\/div>\n\t\t\t\t\t<\/div>\n\t\t<\/section>\n\t\t\t\t<\/div>","protected":false},"excerpt":{"rendered":"<p>Ochrana osobn\u00fdch \u00fadajov (GDPR) Ka\u017ed\u00e1 osoba konaj\u00faca na z\u00e1klade poverenia prev\u00e1dzkovate\u013ea, alebo sprostredkovate\u013ea, ktor\u00e1 m\u00e1 pr\u00edstup k osobn\u00fdm \u00fadajom, sprac\u00fava tieto \u00fadaje len na z\u00e1klade pokynov prev\u00e1dzkovate\u013ea okrem pr\u00edpadov, ke\u010f sa to od nej vy\u017eaduje pod\u013ea osobitn\u00e9ho predpisu, alebo medzin\u00e1rodnej zmluvy. I.&nbsp;Z\u00e1kladn\u00e9 ustanovenie Prev\u00e1dzkovate\u013eom osobn\u00fdch \u00fadajov pod\u013ea \u00a7 5 p\u00edsm. o) z\u00e1kona \u010d. 18\/2018 Z.z. [&hellip;]<\/p>","protected":false},"author":1,"featured_media":0,"parent":0,"menu_order":0,"comment_status":"closed","ping_status":"closed","template":"elementor_header_footer","meta":{"inline_featured_image":false,"footnotes":""},"class_list":["post-10692","page","type-page","status-publish","hentry"],"yoast_head":"<!-- This site is optimized with the Yoast SEO plugin v26.3 - https:\/\/yoast.com\/wordpress\/plugins\/seo\/ -->\n<title>Ochrana osobn\u00fdch \u00fadajov - Taxi-Schwechat.eu \ud83d\ude95<\/title>\n<meta name=\"description\" content=\"Prev\u00e1dzkovate\u013e spracov\u00e1va osobn\u00e9 \u00fadaje, ktor\u00e9 ste mu poskytli, ktor\u00e9 prev\u00e1dzkovate\u013e z\u00edskal na z\u00e1klade plnenia Va\u0161ej objedn\u00e1vky.\" \/>\n<meta name=\"robots\" content=\"index, follow, max-snippet:-1, max-image-preview:large, max-video-preview:-1\" \/>\n<link rel=\"canonical\" href=\"https:\/\/taxi-schwechat.eu\/en\/ochrana-osobnych-udajov\/\" \/>\n<meta property=\"og:locale\" content=\"en_GB\" \/>\n<meta property=\"og:type\" content=\"article\" \/>\n<meta property=\"og:title\" content=\"Ochrana osobn\u00fdch \u00fadajov - Taxi-Schwechat.eu \ud83d\ude95\" \/>\n<meta property=\"og:description\" content=\"Prev\u00e1dzkovate\u013e spracov\u00e1va osobn\u00e9 \u00fadaje, ktor\u00e9 ste mu poskytli, ktor\u00e9 prev\u00e1dzkovate\u013e z\u00edskal na z\u00e1klade plnenia Va\u0161ej objedn\u00e1vky.\" \/>\n<meta property=\"og:url\" content=\"https:\/\/taxi-schwechat.eu\/en\/ochrana-osobnych-udajov\/\" \/>\n<meta property=\"og:site_name\" content=\"Taxi-Schwechat.eu \ud83d\ude95\" \/>\n<meta property=\"article:modified_time\" content=\"2023-06-10T23:28:36+00:00\" \/>\n<meta name=\"twitter:card\" content=\"summary_large_image\" \/>\n<meta name=\"twitter:label1\" content=\"Estimated reading time\" \/>\n\t<meta name=\"twitter:data1\" content=\"4 minutes\" \/>\n<script type=\"application\/ld+json\" class=\"yoast-schema-graph\">{\"@context\":\"https:\/\/schema.org\",\"@graph\":[{\"@type\":\"WebPage\",\"@id\":\"https:\/\/taxi-schwechat.eu\/ochrana-osobnych-udajov\/\",\"url\":\"https:\/\/taxi-schwechat.eu\/ochrana-osobnych-udajov\/\",\"name\":\"Ochrana osobn\u00fdch \u00fadajov - Taxi-Schwechat.eu \ud83d\ude95\",\"isPartOf\":{\"@id\":\"https:\/\/taxi-schwechat.eu\/#website\"},\"datePublished\":\"2023-06-10T16:07:35+00:00\",\"dateModified\":\"2023-06-10T23:28:36+00:00\",\"description\":\"Prev\u00e1dzkovate\u013e spracov\u00e1va osobn\u00e9 \u00fadaje, ktor\u00e9 ste mu poskytli, ktor\u00e9 prev\u00e1dzkovate\u013e z\u00edskal na z\u00e1klade plnenia Va\u0161ej objedn\u00e1vky.\",\"breadcrumb\":{\"@id\":\"https:\/\/taxi-schwechat.eu\/ochrana-osobnych-udajov\/#breadcrumb\"},\"inLanguage\":\"en-GB\",\"potentialAction\":[{\"@type\":\"ReadAction\",\"target\":[\"https:\/\/taxi-schwechat.eu\/ochrana-osobnych-udajov\/\"]}]},{\"@type\":\"BreadcrumbList\",\"@id\":\"https:\/\/taxi-schwechat.eu\/ochrana-osobnych-udajov\/#breadcrumb\",\"itemListElement\":[{\"@type\":\"ListItem\",\"position\":1,\"name\":\"Home\",\"item\":\"https:\/\/taxi-schwechat.eu\/\"},{\"@type\":\"ListItem\",\"position\":2,\"name\":\"Ochrana osobn\u00fdch \u00fadajov\"}]},{\"@type\":\"WebSite\",\"@id\":\"https:\/\/taxi-schwechat.eu\/#website\",\"url\":\"https:\/\/taxi-schwechat.eu\/\",\"name\":\"Taxi na Schwechat | Taxi Bratislava Schwechat | Taxi Schwechat\",\"description\":\"Poskytujeme lacn\u00e9 taxi na Schwechat. Zabezpe\u010d\u00edme pohodln\u00e9 a bezpe\u010dn\u00e9 Taxi Schwechat Bratislava. Sme tu pre V\u00e1s ak h\u013ead\u00e1te Taxi Schwechat.\",\"publisher\":{\"@id\":\"https:\/\/taxi-schwechat.eu\/#organization\"},\"alternateName\":\"Taxi na Schwechat | Taxi Bratislava Schwechat | Taxi Schwechat\",\"potentialAction\":[{\"@type\":\"SearchAction\",\"target\":{\"@type\":\"EntryPoint\",\"urlTemplate\":\"https:\/\/taxi-schwechat.eu\/?s={search_term_string}\"},\"query-input\":{\"@type\":\"PropertyValueSpecification\",\"valueRequired\":true,\"valueName\":\"search_term_string\"}}],\"inLanguage\":\"en-GB\"},{\"@type\":\"Organization\",\"@id\":\"https:\/\/taxi-schwechat.eu\/#organization\",\"name\":\"Taxi SW\",\"url\":\"https:\/\/taxi-schwechat.eu\/\",\"logo\":{\"@type\":\"ImageObject\",\"inLanguage\":\"en-GB\",\"@id\":\"https:\/\/taxi-schwechat.eu\/#\/schema\/logo\/image\/\",\"url\":\"https:\/\/taxi-schwechat.eu\/wp-content\/uploads\/2023\/06\/logo-taxi-schwechat.svg\",\"contentUrl\":\"https:\/\/taxi-schwechat.eu\/wp-content\/uploads\/2023\/06\/logo-taxi-schwechat.svg\",\"width\":256,\"height\":56,\"caption\":\"Taxi SW\"},\"image\":{\"@id\":\"https:\/\/taxi-schwechat.eu\/#\/schema\/logo\/image\/\"}}]}<\/script>\n<!-- \/ Yoast SEO plugin. -->","yoast_head_json":{"title":"Ochrana osobn\u00fdch \u00fadajov - Taxi-Schwechat.eu \ud83d\ude95","description":"Prev\u00e1dzkovate\u013e spracov\u00e1va osobn\u00e9 \u00fadaje, ktor\u00e9 ste mu poskytli, ktor\u00e9 prev\u00e1dzkovate\u013e z\u00edskal na z\u00e1klade plnenia Va\u0161ej objedn\u00e1vky.","robots":{"index":"index","follow":"follow","max-snippet":"max-snippet:-1","max-image-preview":"max-image-preview:large","max-video-preview":"max-video-preview:-1"},"canonical":"https:\/\/taxi-schwechat.eu\/en\/ochrana-osobnych-udajov\/","og_locale":"en_GB","og_type":"article","og_title":"Ochrana osobn\u00fdch \u00fadajov - Taxi-Schwechat.eu \ud83d\ude95","og_description":"Prev\u00e1dzkovate\u013e spracov\u00e1va osobn\u00e9 \u00fadaje, ktor\u00e9 ste mu poskytli, ktor\u00e9 prev\u00e1dzkovate\u013e z\u00edskal na z\u00e1klade plnenia Va\u0161ej objedn\u00e1vky.","og_url":"https:\/\/taxi-schwechat.eu\/en\/ochrana-osobnych-udajov\/","og_site_name":"Taxi-Schwechat.eu \ud83d\ude95","article_modified_time":"2023-06-10T23:28:36+00:00","twitter_card":"summary_large_image","twitter_misc":{"Estimated reading time":"4 minutes"},"schema":{"@context":"https:\/\/schema.org","@graph":[{"@type":"WebPage","@id":"https:\/\/taxi-schwechat.eu\/ochrana-osobnych-udajov\/","url":"https:\/\/taxi-schwechat.eu\/ochrana-osobnych-udajov\/","name":"Ochrana osobn\u00fdch \u00fadajov - Taxi-Schwechat.eu \ud83d\ude95","isPartOf":{"@id":"https:\/\/taxi-schwechat.eu\/#website"},"datePublished":"2023-06-10T16:07:35+00:00","dateModified":"2023-06-10T23:28:36+00:00","description":"Prev\u00e1dzkovate\u013e spracov\u00e1va osobn\u00e9 \u00fadaje, ktor\u00e9 ste mu poskytli, ktor\u00e9 prev\u00e1dzkovate\u013e z\u00edskal na z\u00e1klade plnenia Va\u0161ej objedn\u00e1vky.","breadcrumb":{"@id":"https:\/\/taxi-schwechat.eu\/ochrana-osobnych-udajov\/#breadcrumb"},"inLanguage":"en-GB","potentialAction":[{"@type":"ReadAction","target":["https:\/\/taxi-schwechat.eu\/ochrana-osobnych-udajov\/"]}]},{"@type":"BreadcrumbList","@id":"https:\/\/taxi-schwechat.eu\/ochrana-osobnych-udajov\/#breadcrumb","itemListElement":[{"@type":"ListItem","position":1,"name":"Home","item":"https:\/\/taxi-schwechat.eu\/"},{"@type":"ListItem","position":2,"name":"Ochrana osobn\u00fdch \u00fadajov"}]},{"@type":"WebSite","@id":"https:\/\/taxi-schwechat.eu\/#website","url":"https:\/\/taxi-schwechat.eu\/","name":"Taxi na Schwechat | Taxi Bratislava Schwechat | Taxi Schwechat","description":"Poskytujeme lacn\u00e9 taxi na Schwechat. Zabezpe\u010d\u00edme pohodln\u00e9 a bezpe\u010dn\u00e9 Taxi Schwechat Bratislava. Sme tu pre V\u00e1s ak h\u013ead\u00e1te Taxi Schwechat.","publisher":{"@id":"https:\/\/taxi-schwechat.eu\/#organization"},"alternateName":"Taxi na Schwechat | Taxi Bratislava Schwechat | Taxi Schwechat","potentialAction":[{"@type":"SearchAction","target":{"@type":"EntryPoint","urlTemplate":"https:\/\/taxi-schwechat.eu\/?s={search_term_string}"},"query-input":{"@type":"PropertyValueSpecification","valueRequired":true,"valueName":"search_term_string"}}],"inLanguage":"en-GB"},{"@type":"Organization","@id":"https:\/\/taxi-schwechat.eu\/#organization","name":"Taxi SW","url":"https:\/\/taxi-schwechat.eu\/","logo":{"@type":"ImageObject","inLanguage":"en-GB","@id":"https:\/\/taxi-schwechat.eu\/#\/schema\/logo\/image\/","url":"https:\/\/taxi-schwechat.eu\/wp-content\/uploads\/2023\/06\/logo-taxi-schwechat.svg","contentUrl":"https:\/\/taxi-schwechat.eu\/wp-content\/uploads\/2023\/06\/logo-taxi-schwechat.svg","width":256,"height":56,"caption":"Taxi SW"},"image":{"@id":"https:\/\/taxi-schwechat.eu\/#\/schema\/logo\/image\/"}}]}},"_links":{"self":[{"href":"https:\/\/taxi-schwechat.eu\/en\/wp-json\/wp\/v2\/pages\/10692","targetHints":{"allow":["GET"]}}],"collection":[{"href":"https:\/\/taxi-schwechat.eu\/en\/wp-json\/wp\/v2\/pages"}],"about":[{"href":"https:\/\/taxi-schwechat.eu\/en\/wp-json\/wp\/v2\/types\/page"}],"author":[{"embeddable":true,"href":"https:\/\/taxi-schwechat.eu\/en\/wp-json\/wp\/v2\/users\/1"}],"replies":[{"embeddable":true,"href":"https:\/\/taxi-schwechat.eu\/en\/wp-json\/wp\/v2\/comments?post=10692"}],"version-history":[{"count":5,"href":"https:\/\/taxi-schwechat.eu\/en\/wp-json\/wp\/v2\/pages\/10692\/revisions"}],"predecessor-version":[{"id":10758,"href":"https:\/\/taxi-schwechat.eu\/en\/wp-json\/wp\/v2\/pages\/10692\/revisions\/10758"}],"wp:attachment":[{"href":"https:\/\/taxi-schwechat.eu\/en\/wp-json\/wp\/v2\/media?parent=10692"}],"curies":[{"name":"wp","href":"https:\/\/api.w.org\/{rel}","templated":true}]}}